{"id":112,"date":"2023-05-17T16:43:11","date_gmt":"2023-05-17T19:43:11","guid":{"rendered":"http:\/\/www.foripes.org.br\/?page_id=112"},"modified":"2023-05-30T08:36:28","modified_gmt":"2023-05-30T11:36:28","slug":"correspondencias","status":"publish","type":"page","link":"https:\/\/www.foripes.org.br\/index.php\/correspondencias\/","title":{"rendered":"Documentos Oficiais"},"content":{"rendered":"\n<div class=\"container\">\n <div class=\"panel panel-primary\">\n<div class=\"panel-heading\">Ano 2023<\/div>\n<div class=\"panel-footer\"><b> <h6>Fevereiro <\/b><\/h6> <\/div>\n<div class=\"list-group-item\"><a href=\"http:\/\/www.foripes.org.br\/wp-content\/uploads\/correspondencias\/2023\/of0042023-Vice-governador-MG-Matheus-Sim\u00f5es-03-02-2023.pdf\" target=\"_blank\" rel=\"noopener\"><span class=\"force-read-before\" data-attributetitleof=\"id-hatemile-display-5958858726413606-0\"> <\/span><span class=\"force-read-before\" data-attributetargetof=\"id-hatemile-display-5958858726413606-0\"> <\/span><b> <i class=\"fas fa-envelope\"><\/i>&nbsp;&nbsp;Of\u00edcio N\u00ba 005\/Foripes\/2023 &#8211; Solicita audi\u00eancia para tratar sobre os recursos acordados entre o Governo\ndo Estado de Minas Gerais e as IFES-MG (3\/02\/2023) <\/b> <\/a><\/div>\n \n <div class=\"list-group-item\"><a href=\"http:\/\/www.foripes.org.br\/wp-content\/uploads\/correspondencias\/2023\/of0062023-PresidenteSenadoRodrigoPacheco-14-02-2023.pdf\" target=\"_blank\" rel=\"noopener\"><span class=\"force-read-before\" data-attributetitleof=\"id-hatemile-display-5958858726413606-0\"> <\/span><span class=\"force-read-before\" data-attributetargetof=\"id-hatemile-display-5958858726413606-0\"> <\/span><b> <i class=\"fas fa-envelope\"><\/i>&nbsp;&nbsp;Of\u00edcio N\u00ba 006\/Foripes\/2023 &#8211; Solicita colabora\u00e7\u00e3o para viabilizar a implementa\u00e7\u00e3o da emenda de\nbancada 71140012 &#8211; LOA 2023 &#8211; MEC-IFES\/Universidades Federais (14\/02\/2023) <\/b> <\/a><\/div>\n \n \n \n \n<div class=\"panel-footer\"><b><h6>Mar\u00e7o <\/b><\/h6> <\/div>\n<div class=\"list-group-item\"><a href=\"http:\/\/www.foripes.org.br\/wp-content\/uploads\/correspondencias\/2023\/of0082023-GovernadorMGRomeuZema-08-03-2023.pdf\" target=\"_blank\" rel=\"noopener\"><span class=\"force-read-before\" data-attributetitleof=\"id-hatemile-display-5958858726413606-0\"> <\/span><span class=\"force-read-before\" data-attributetargetof=\"id-hatemile-display-5958858726413606-0\"> <\/span><b>  <i class=\"fas fa-envelope\"><\/i>&nbsp;&nbsp;Of\u00edcio N\u00ba 008\/Foripes\/2023 &#8211; Solicita audi\u00eancia para tratar sobre os recursos acordados entre o Governo do\nEstado de Minas Gerais e as IFES-MG (08\/03\/2023) <\/b> <\/a><\/div>\n\n<div class=\"list-group-item\"><a href=\"http:\/\/www.foripes.org.br\/wp-content\/uploads\/correspondencias\/2023\/of0092023-BancadaMinasGeraiscomanexo-14-03-2023.pdf\n\" target=\"_blank\" rel=\"noopener\"><span class=\"force-read-before\" data-attributetitleof=\"id-hatemile-display-5958858726413606-0\"> <\/span><span class=\"force-read-before\" data-attributetargetof=\"id-hatemile-display-5958858726413606-0\"> <\/span><b>  <i class=\"fas fa-envelope\"><\/i>&nbsp;&nbsp;Of\u00edcio N\u00ba 009\/Foripes\/2023 &#8211; Convite &#8211; Bancada de Minas Gerais (14\/03\/2023)<\/b> <\/a><\/div>\n\n<div class=\"list-group-item\"><a href=\"http:\/\/www.foripes.org.br\/wp-content\/uploads\/correspondencias\/2023\/E-mail14-03-2023-deUFLA-Solicitacao-Reuni\u00e3o-UFLA_FORIPES.pdf\n\n\" target=\"_blank\" rel=\"noopener\"><span class=\"force-read-before\" data-attributetitleof=\"id-hatemile-display-5958858726413606-0\"> <\/span><span class=\"force-read-before\" data-attributetargetof=\"id-hatemile-display-5958858726413606-0\"> <\/span><b>  <i class=\"fas fa-envelope\"><\/i>&nbsp;&nbsp;E-mail &#8211; Solicita\u00e7\u00e3o de Reuni\u00e3o UFLA\/ FORIPES (14\/03\/2023))\n<\/b> <\/a><\/div>\n\n\n\n\n\n\n<div class=\"panel-footer\"><b><h6>Abril <\/b> <\/h6><\/div>\n<div class=\"list-group-item\"><a href=\"http:\/\/www.foripes.org.br\/wp-content\/uploads\/correspondencias\/2023\/Portaria254-2023-05-04-2023.pdf\" target=\"_blank\" rel=\"noopener\"><span class=\"force-read-before\" data-attributetitleof=\"id-hatemile-display-5958858726413606-0\"> <\/span><span class=\"force-read-before\" data-attributetargetof=\"id-hatemile-display-5958858726413606-0\"> <\/span><b> <i class=\"fas fa-envelope\"><\/i>&nbsp;&nbsp;PORTARIA REITORIA\/UFLA N\u00ba 254, DE 05 DE ABRIL DE 2023.\n <\/b> <\/a><\/div> \n <div class=\"list-group-item\"><a href=\"http:\/\/www.foripes.org.br\/wp-content\/uploads\/correspondencias\/2023\/of0102023-GovernadorMGRomeuZema-05-04-2023.pdf\" target=\"_blank\" rel=\"noopener\"><span class=\"force-read-before\" data-attributetitleof=\"id-hatemile-display-5958858726413606-0\"> <\/span><span class=\"force-read-before\" data-attributetargetof=\"id-hatemile-display-5958858726413606-0\"> <\/span><b> <i class=\"fas fa-envelope\"><\/i>&nbsp;&nbsp;Of\u00edcio N\u00ba010\/FORIPES\/2023 &#8211; Apresenta valores e situa\u00e7\u00e3o na qual se encontram os projetos acordados entre\no Governo do Estado de Minas Gerais e as IFES-MG (05\/04\/2023).\n <\/b> <\/a><\/div> \n \n<div class=\"panel-footer\"><b><h6>Maio <\/b><\/h6> <\/div>\n<div class=\"list-group-item\"><a href=\"http:\/\/www.foripes.org.br\/wp-content\/uploads\/correspondencias\/202e\/oficio-2023-14-educacao-troca-localizador-emenda-71140003UNI-17-05-2023.pdf\n\" target=\"_blank\" rel=\"noopener\"><span class=\"force-read-before\" data-attributetitleof=\"id-hatemile-display-5958858726413606-0\"> <\/span><span class=\"force-read-before\" data-attributetargetof=\"id-hatemile-display-5958858726413606-0\"> <\/span><b>  <i class=\"fas fa-envelope\"><\/i>&nbsp;&nbsp;Oficio 014\/2023-BMG &#8211; Solicita\u00e7\u00e3o de altera\u00e7\u00e3o de localizador da funcional program\u00e1tica da emenda parlamentar da\nbancada mineira n\u00ba 71140003 \u2013 RP 07 (17\/05\/2023) <\/b> <\/a><\/div>\n\n \n<\/div><\/div>\n<div class=\"container\">\n <div class=\"panel panel-primary\">\n<div class=\"panel-heading\">Ano 2022<\/div>\n<div class=\"panel-footer\"><b> <h6>Maio <\/b><\/h6> <\/div>\n<div class=\"list-group-item\"><a href=\"http:\/\/www.foripes.org.br\/wp-content\/uploads\/correspondencias\/2022\/CartaForipes-20.05.2022.pdf\" target=\"_blank\" rel=\"noopener\"><span class=\"force-read-before\" data-attributetitleof=\"id-hatemile-display-5958858726413606-0\"> <\/span><span class=\"force-read-before\" data-attributetargetof=\"id-hatemile-display-5958858726413606-0\"> <\/span><b> <i class=\"fas fa-envelope\"><\/i>&nbsp;&nbsp;Carta Foripes &#8211; 20\/05\/2022 <\/b> <\/a><\/div>\n \n<div class=\"panel-footer\"><b><h6>Agosto <\/b><\/h6> <\/div>\n<div class=\"list-group-item\"><a href=\"http:\/\/www.foripes.org.br\/wp-content\/uploads\/correspondencias\/2022\/oficio-foripes-002-senador-rodrigo-pacheco-26-08-2022.pdf\" target=\"_blank\" rel=\"noopener\"><span class=\"force-read-before\" data-attributetitleof=\"id-hatemile-display-5958858726413606-0\"> <\/span><span class=\"force-read-before\" data-attributetargetof=\"id-hatemile-display-5958858726413606-0\"> <\/span><b>  <i class=\"fas fa-envelope\"><\/i>&nbsp;&nbsp;Of\u00edcio N\u00ba 002\/FORIPES\/2022 &#8211; Recomposi\u00e7\u00e3o do or\u00e7amento de 2022 e ajuste no PLOA 2023 das\nIFES mineiras (26\/08\/2022) <\/b> <\/a><\/div>\n\n<div class=\"list-group-item\"><a href=\"http:\/\/www.foripes.org.br\/wp-content\/uploads\/correspondencias\/2022\/oficio-foripes-003-senador-rodrigo-pacheco-26-08-2022.pdf\" target=\"_blank\" rel=\"noopener\"><span class=\"force-read-before\" data-attributetitleof=\"id-hatemile-display-5958858726413606-0\"> <\/span><span class=\"force-read-before\" data-attributetargetof=\"id-hatemile-display-5958858726413606-0\"> <\/span><b>  <i class=\"fas fa-envelope\"><\/i>&nbsp;&nbsp; Of\u00edcio N\u00ba 003\/FORIPES\/2022 &#8211; Solicita a\u00e7\u00e3o junto ao Minist\u00e9rio da economia para garantia de\nor\u00e7amento com vistas \u00e0 contrata\u00e7\u00e3o de pessoal (26\/08\/2022 <\/b> <\/a><\/div>\n\n<div class=\"panel-footer\"><b><h6>Setembro <\/b> <\/h6><\/div>\n<div class=\"list-group-item\"><a href=\"http:\/\/www.foripes.org.br\/wp-content\/uploads\/correspondencias\/2022\/oficio-foripes-004-senador-RodrigoPacheco-assinado-08-09-2022.pdf\" target=\"_blank\" rel=\"noopener\"><span class=\"force-read-before\" data-attributetitleof=\"id-hatemile-display-5958858726413606-0\"> <\/span><span class=\"force-read-before\" data-attributetargetof=\"id-hatemile-display-5958858726413606-0\"> <\/span><b> <i class=\"fas fa-envelope\"><\/i>&nbsp;&nbsp;Of\u00edcio N\u00ba 004\/FORIPES\/2022 &#8211; Atualiza os valores de corte sofrido em 2022 e apresenta o d\u00e9ficit\ndo PLOA 2023, das IFES mineiras (08\/09\/2022 <\/b> <\/a><\/div>\n<div class=\"panel-footer\"><b><h6>Dezembro <\/b><\/h6> <\/div>\n<div class=\"list-group-item\"><a href=\"http:\/\/www.foripes.org.br\/wp-content\/uploads\/correspondencias\/2022\/oficio-834.3593-2022- LavrasUFLA-13-12-2022.pdf\" target=\"_blank\" rel=\"noopener\"><span class=\"force-read-before\" data-attributetitleof=\"id-hatemile-display-5958858726413606-0\"> <\/span><span class=\"force-read-before\" data-attributetargetof=\"id-hatemile-display-5958858726413606-0\"> <\/span><b>  <i class=\"fas fa-envelope\"><\/i>&nbsp;&nbsp;Of\u00edcio N\u00ba 5834.3593.2022-GSRPACHE &#8211; Indica\u00e7\u00e3o de Emenda Bancada &#8211; Or\u00e7amento Geral da Uni\u00e3o 2023 (13\/12\/2022)<\/b> <\/a><\/div>\n\n \n<\/div><\/div>\n","protected":false},"excerpt":{"rendered":"<p>Ano 2023 Fevereiro &nbsp;&nbsp;Of\u00edcio N\u00ba 005\/Foripes\/2023 &#8211; Solicita audi\u00eancia para tratar sobre os recursos acordados entre o Governo do Estado de Minas Gerais e as IFES-MG (3\/02\/2023) &nbsp;&nbsp;Of\u00edcio N\u00ba 006\/Foripes\/2023 &#8211; Solicita colabora\u00e7\u00e3o para viabilizar a implementa\u00e7\u00e3o da emenda de bancada 71140012 &#8211; LOA 2023 &#8211; MEC-IFES\/Universidades Federais (14\/02\/2023) Mar\u00e7o &nbsp;&nbsp;Of\u00edcio N\u00ba 008\/Foripes\/2023 &#8211; Solicita<br \/><a class=\"btn btn-theme post-btn\" href=\"https:\/\/www.foripes.org.br\/index.php\/correspondencias\/\">Ler mais<\/a><\/p>\n","protected":false},"author":1,"featured_media":0,"parent":0,"menu_order":0,"comment_status":"closed","ping_status":"closed","template":"","meta":{"ngg_post_thumbnail":0,"footnotes":""},"folder":[],"class_list":["post-112","page","type-page","status-publish","hentry"],"_links":{"self":[{"href":"https:\/\/www.foripes.org.br\/index.php\/wp-json\/wp\/v2\/pages\/112","targetHints":{"allow":["GET"]}}],"collection":[{"href":"https:\/\/www.foripes.org.br\/index.php\/wp-json\/wp\/v2\/pages"}],"about":[{"href":"https:\/\/www.foripes.org.br\/index.php\/wp-json\/wp\/v2\/types\/page"}],"author":[{"embeddable":true,"href":"https:\/\/www.foripes.org.br\/index.php\/wp-json\/wp\/v2\/users\/1"}],"replies":[{"embeddable":true,"href":"https:\/\/www.foripes.org.br\/index.php\/wp-json\/wp\/v2\/comments?post=112"}],"version-history":[{"count":16,"href":"https:\/\/www.foripes.org.br\/index.php\/wp-json\/wp\/v2\/pages\/112\/revisions"}],"predecessor-version":[{"id":308,"href":"https:\/\/www.foripes.org.br\/index.php\/wp-json\/wp\/v2\/pages\/112\/revisions\/308"}],"wp:attachment":[{"href":"https:\/\/www.foripes.org.br\/index.php\/wp-json\/wp\/v2\/media?parent=112"}],"wp:term":[{"taxonomy":"folder","embeddable":true,"href":"https:\/\/www.foripes.org.br\/index.php\/wp-json\/wp\/v2\/folder?post=112"}],"curies":[{"name":"wp","href":"https:\/\/api.w.org\/{rel}","templated":true}]}}